{"id":33078,"date":"2021-12-10T11:58:19","date_gmt":"2021-12-10T10:58:19","guid":{"rendered":"http:\/\/alquiler.balearichomemallorca.com\/formularios-de-registro-y-anulacion\/"},"modified":"2021-12-10T11:58:19","modified_gmt":"2021-12-10T10:58:19","slug":"formularios-de-registro-y-anulacion","status":"publish","type":"page","link":"https:\/\/alquiler.balearichomemallorca.com\/es\/formularios-de-registro-y-anulacion\/","title":{"rendered":"Formularios de registro y anulaci\u00f3n"},"content":{"rendered":"<h2>Registro<\/h2>\n<p>                <label id=\"user_terms_register_sh_label\" for=\"user_terms_register_sh\">Estoy de acuerdo con <a href=\"\/?page_id=31371\" target=\"_blank\" id=\"user_terms_register_topbar_link\" rel=\"noopener\">los t\u00e9rminos y condiciones<\/a> <\/label><\/p>\n<p>\n                    <button id=\"wp-submit-register\">Registrarse<\/button>\n                <\/p>\n<h2>Crear una cuenta<\/h2>\n<p>                <button id=\"wp-login-but\">Iniciar sesi\u00f3n<\/button><br \/>\n                <a href=\"#\" id=\"forgot_pass\">\u00bfSe te olvid\u00f3 tu contrase\u00f1a?<\/a><\/p>\n<p>            <button id=\"wp-forgot-but\" name=\"forgot\">Restablecer contrase\u00f1a<\/button><br \/>\n            <a href=\"#\" id=\"return_login\">Volver al inicio de la sesi\u00f3n<\/a><\/p>\n<h2>C\u00f3mo funciona<\/h2>\n<p>Puede crear sus propios sitios de inicio de sesi\u00f3n\/registro con los c\u00f3digos abreviados \u00abFormulario de registro\u00bb y \u00abFormulario de inicio de sesi\u00f3n\u00bb.<\/p>\n<p>Einfaches Benutzertestkonto f\u00fcr die Hauptdemo (bestimmte Mitgliedschaftspakete, verschiedene Profilinformationen)<\/p>\n<p><strong>Benutzername = Benutzer<\/strong><br \/><strong>Kennwort = 1234<\/strong><\/p>\n<p>Agententestkonto f\u00fcr die Hauptdemo (bestimmte Mitgliedschaftspakete, unterschiedliche Profilinformationen)<\/p>\n<p><strong>Benutzername = Agente<\/strong><br \/><strong>Kennwort = 1234<\/strong><\/p>\n","protected":false},"excerpt":{"rendered":"<p>Registro Estoy de acuerdo con los t\u00e9rminos y condiciones Registrarse Crear una cuenta Iniciar sesi\u00f3n \u00bfSe te olvid\u00f3 tu contrase\u00f1a? Restablecer contrase\u00f1a Volver al inicio de la sesi\u00f3n C\u00f3mo funciona Puede crear sus propios sitios de inicio de sesi\u00f3n\/registro con los c\u00f3digos abreviados \u00abFormulario de registro\u00bb y \u00abFormulario de inicio de sesi\u00f3n\u00bb. Einfaches Benutzertestkonto f\u00fcr die Hauptdemo (bestimmte Mitgliedschaftspakete, verschiedene Profilinformationen) Benutzername = BenutzerKennwort &#8230;<\/p>\n","protected":false},"author":1,"featured_media":0,"parent":0,"menu_order":0,"comment_status":"closed","ping_status":"closed","template":"","meta":{"footnotes":""},"class_list":["post-33078","page","type-page","status-publish","hentry"],"_links":{"self":[{"href":"https:\/\/alquiler.balearichomemallorca.com\/es\/wp-json\/wp\/v2\/pages\/33078","targetHints":{"allow":["GET"]}}],"collection":[{"href":"https:\/\/alquiler.balearichomemallorca.com\/es\/wp-json\/wp\/v2\/pages"}],"about":[{"href":"https:\/\/alquiler.balearichomemallorca.com\/es\/wp-json\/wp\/v2\/types\/page"}],"author":[{"embeddable":true,"href":"https:\/\/alquiler.balearichomemallorca.com\/es\/wp-json\/wp\/v2\/users\/1"}],"replies":[{"embeddable":true,"href":"https:\/\/alquiler.balearichomemallorca.com\/es\/wp-json\/wp\/v2\/comments?post=33078"}],"version-history":[{"count":0,"href":"https:\/\/alquiler.balearichomemallorca.com\/es\/wp-json\/wp\/v2\/pages\/33078\/revisions"}],"wp:attachment":[{"href":"https:\/\/alquiler.balearichomemallorca.com\/es\/wp-json\/wp\/v2\/media?parent=33078"}],"curies":[{"name":"wp","href":"https:\/\/api.w.org\/{rel}","templated":true}]}}